{"version":"1.0","provider_name":"Katerina versek","provider_url":"https:\/\/katerinaversek.cafeblog.hu","author_name":"Katherina Forest","author_url":"https:\/\/katerinaversek.cafeblog.hu\/author\/katerinaforestcitromail-hu\/","title":"Katerina Forest: Mondd, mit jelent","html":"<p>&nbsp;<\/p>\r\n<p>https:\/\/www.facebook.com\/forestcaterina\/videos\/2147540621938920\/<\/p>\r\n<div id=\"u_0_q\" class=\"_li _31e\">\r\n<div class=\"_5-g_ _3qw\">\r\n<div class=\"_1yv\" role=\"dialog\">\r\n<div class=\"_t\">\r\n<div>\r\n<div class=\"_5-g-\">\r\n<div class=\"_6444 _-pb\">\r\n<div class=\"_437j\">\r\n<div class=\"_3l-q\">\r\n<div class=\"_371r\">\r\n<div class=\"_44bj\">Es\u0151s reggelre \u00e9bredt a v\u00e1ros<br \/>a sz\u00e9l v\u00e9gigz\u00fagott a kapualjakon.<br \/>Megpihent n\u00e9ha a h\u00e1z fal\u00e1nak d\u0151lve,<br \/>majd felsuhant \u00e9s bez\u00f6rgetett az ablakon.<br \/><br \/>\u00c1lmosan \u00e9bredt\u00e9l, csak n\u00e9zt\u00e9l engem<br \/>majd t\u00e9tov\u00e1n r\u00e1m k\u00e9rdezt\u00e9l<br \/>\u2013 Mondd, mit jelent neked, ha azt mondod, szeretlek.<br \/>\u2013 Nem tudom\u2013 n\u00e9ztem r\u00e1d meglep\u0151dve \u2013\u00a0<br \/>ne k\u00e9rdezz olyat, mire nincs felelet.<br \/><br \/>A sz\u00f3, hogy szeretlek, csak bet\u0171, hang,\u00a0<br \/>\u00fcres fr\u00e1zis, nem jelent semmit, \u00e9rt\u00e9ktelen.<br \/>N\u00e9zdd, kinn az es\u0151t, hideg \u00e9s f\u00e1z\u00f3s t\u0151le a reggel.<br \/>Itt bel\u00fcl m\u00e1r f\u00e9ltelek, m\u00e1r r\u00e1d adtam kab\u00e1tot, s\u00e1lat,<br \/>meg ne f\u00e1zz, kedvesem.\u00a0<br \/><br \/>Ha elm\u00e9sz \u00e9s t\u00e1vol vagy t\u0151lem, behunyom szemem<br \/>megpr\u00f3b\u00e1llak \u00e9rz\u00e9kelni t\u00e9ged, mert ott vagy bennem<br \/>megb\u00fajsz a sejtjeimben.<br \/>Ha a t\u00e1vols\u00e1g k\u00f6zt\u00fcnk nagyra n\u0151, a lelkem sikolt ut\u00e1nad,\u00a0<br \/>feljajdul s kifut bel\u0151lem minden j\u00f3zan gondolat,\u00a0<br \/>mint szakadt heged\u0171h\u00farr\u00f3l az utols\u00f3 dallam.<br \/><br \/>Ha visszaj\u00f6ssz hozz\u00e1m, kiragyog a vil\u00e1g, szirm\u00e1t<br \/>bontja ezernyi r\u00f3zsa, t\u00e1ncolni szeretn\u00e9k, rep\u00fclni<br \/>mint habk\u00f6nny\u0171 gerle,lebegni szelek sz\u00e1rny\u00e1n,<br \/>majd sz\u00e9d\u00fclve zuhann\u00e9k er\u0151s karjaidba.<\/div>\r\n<\/div>\r\n<\/div>\r\n<\/div>\r\n<div>\u00a0<\/div>\r\n<div class=\"_4ua2\"><a class=\"_4who\" href=\"https:\/\/www.facebook.com\/Katherinaversek-274906346737278\/posts\/?ref=page_internal\"><img class=\"img\" src=\"https:\/\/katerinaversek.cafeblog.hu\/files\/2019\/04\/gWKIL0f37Eb-1.png\" alt=\"Bez\u00e1r\u00e1s\" width=\"24\" height=\"24\" \/><\/a><\/div>\r\n<\/div>\r\n<div class=\"_6445 _6j32\">\r\n<div class=\"_5-lm _3aw0 _6j1g _6j1h\">\r\n<div class=\"_17am\">\u00a0<\/div>\r\n<div class=\"_76-1\">\u00a0<\/div>\r\n<div id=\"2147540621938920\" class=\"_1rgu _601i uiStreamStory _6853 _6j1g\">\r\n<div class=\"_69vq _1rh0 _6j1g _6j36\">\r\n<div class=\"_1bn5\">\r\n<div>\r\n<div class=\"_6ajm _6j1g\">\r\n<div class=\"_4-u2 _67hm _6j1g _4-u8\">\r\n<div class=\"_6886\">\r\n<div class=\"_32h9\">\r\n<div class=\"clearfix _ikh\">\r\n<div class=\"_4bl9\">\r\n<div class=\"_6864 _6j34\">\u00a0<\/div>\r\n<\/div>\r\n<\/div>\r\n<\/div>\r\n<div id=\"u_fp_b\" class=\"_3-8z\">\u00a0<\/div>\r\n<\/div>\r\n<\/div>\r\n<\/div>\r\n<\/div>\r\n<\/div>\r\n<\/div>\r\n<\/div>\r\n<\/div>\r\n<\/div>\r\n<\/div>\r\n<\/div>\r\n<\/div>\r\n<\/div>\r\n<\/div>\r\n<\/div>\r\n<div class=\"uiContextualLayerPositioner uiLayer uiContextualLayerPositionerFixed\">\r\n<div class=\"uiContextualLayer uiContextualLayerBelowLeft\">\r\n<div>\r\n<div>\u00a0<\/div>\r\n<\/div>\r\n<\/div>\r\n<\/div>","type":"rich"}